{"id":81,"date":"2009-03-16T11:56:41","date_gmt":"2009-03-16T09:56:41","guid":{"rendered":"http:\/\/www.eklg.hu\/wp\/?page_id=81"},"modified":"2025-11-06T16:59:19","modified_gmt":"2025-11-06T15:59:19","slug":"kulonos-kozzeteteli-lista","status":"publish","type":"page","link":"http:\/\/www.eklg.hu\/index.php\/magunkrol\/kulonos-kozzeteteli-lista\/","title":{"rendered":"K\u00fcl\u00f6n\u00f6s k\u00f6zz\u00e9t\u00e9teli lista"},"content":{"rendered":"\n<ul class=\"wp-block-list\">\n<li><a href=\"http:\/\/www.eklg.hu\/dokumentumok\/kozzeteteli\/utemterv.pdf\">Az iskolai tan\u00e9v helyi rendje<\/a><\/li>\n\n\n\n<li><a href=\"http:\/\/www.eklg.hu\/dokumentumok\/kozzeteteli\/erettsegieredmenyekevenkent.pdf\">Az \u00e9retts\u00e9gi vizsg\u00e1k \u00e1tlageredm\u00e9nyei, \u00e9venk\u00e9nt<\/a><\/li>\n\n\n\n<li><a href=\"http:\/\/www.eklg.hu\/dokumentumok\/kozzeteteli\/lemorzs_evism.pdf\">Az int\u00e9zm\u00e9ny lemorzsol\u00f3d\u00e1si, \u00e9vism\u00e9tl\u00e9si mutat\u00f3i<\/a><\/li>\n\n\n\n<li><a href=\"http:\/\/www.eklg.hu\/dokumentumok\/kozzeteteli\/osztalyletszamok_evenkent.pdf\">Oszt\u00e1lyok sz\u00e1ma, a tanul\u00f3k l\u00e9tsz\u00e1ma az egyes oszt\u00e1lyokban \u00e9venk\u00e9nt<\/a><\/li>\n\n\n\n<li><a href=\"http:\/\/www.eklg.hu\/dokumentumok\/kozzeteteli\/osztalyokszamaesletszamok.pdf\">Oszt\u00e1lyok sz\u00e1ma, a tanul\u00f3k l\u00e9tsz\u00e1ma az egyes oszt\u00e1lyokban<\/a><\/li>\n\n\n\n<li><a href=\"http:\/\/www.eklg.hu\/dokumentumok\/kozzeteteli\/nyitvatartas.pdf\">Az int\u00e9zm\u00e9ny nyitva tart\u00e1s\u00e1nak ideje<\/a><\/li>\n\n\n\n<li><a href=\"http:\/\/www.eklg.hu\/dokumentumok\/kozzeteteli\/beiratkozas_osztalyok.pdf\">Beiratkoz\u00e1sra meghat\u00e1rozott id\u0151 &#8211; a fenntart\u00f3 \u00e1ltal enged\u00e9lyezett oszt\u00e1lyok<\/a><\/li>\n\n\n\n<li><a href=\"http:\/\/www.eklg.hu\/dokumentumok\/kozzeteteli\/kompetenciameresek.pdf\">Orsz\u00e1gos m\u00e9r\u00e9s-\u00e9rt\u00e9kel\u00e9s \u00e9venk\u00e9nti eredm\u00e9nyei<\/a><\/li>\n\n\n\n<li><a href=\"http:\/\/www.eklg.hu\/dokumentumok\/kozzeteteli\/idegen_nyelvi_meresek_eredmenyei.pdf\">Idegen nyelvi m\u00e9r\u00e9s \u00f6sszes\u00edt\u0151<\/a><\/li>\n\n\n\n<li><a href=\"http:\/\/www.eklg.hu\/dokumentumok\/kozzeteteli\/hazifeladat_dolgozat.pdf\">A h\u00e9tv\u00e9gi h\u00e1zi feladatok \u00e9s az iskolai dolgozatok szab\u00e1lyai<\/a><\/li>\n\n\n\n<li><a href=\"http:\/\/www.eklg.hu\/dokumentumok\/kozzeteteli\/tanorankivuli.pdf\">A tan\u00f3r\u00e1n k\u00edv\u00fcli egy\u00e9b foglalkoz\u00e1sok ig\u00e9nybev\u00e9tel\u00e9nek lehet\u0151s\u00e9ge<\/a><\/li>\n\n\n\n<li><a href=\"http:\/\/www.eklg.hu\/dokumentumok\/kozzeteteli\/vizsgak.pdf\">A tanulm\u00e1nyok alatti vizsg\u00e1k<\/a><\/li>\n\n\n\n<li><a href=\"http:\/\/www.eklg.hu\/dokumentumok\/kozzeteteli\/tanarokvegzettsege.pdf\">Tan\u00e1rok \u00e9s alkalmazottak iskolai v\u00e9gzetts\u00e9gei \u00e9s szakk\u00e9pzetts\u00e9ge<\/a><\/li>\n\n\n\n<li><a href=\"http:\/\/www.eklg.hu\/dokumentumok\/eklg_felveteli_tajekoztato.pdf\">Felv\u00e9teli t\u00e1j\u00e9koztat\u00f3<\/a><\/li>\n\n\n\n<li><a href=\"http:\/\/www.eklg.hu\/dokumentumok\/kozzeteteli\/szmsz_hazirend_pp_elerhetosege.pdf\">SZMSZ, H\u00e1zirend, Pedag\u00f3giai Program el\u00e9rhet\u0151s\u00e9ge<\/a><\/li>\n\n\n\n<li><a href=\"http:\/\/www.eklg.hu\/dokumentumok\/kozzeteteli\/vizsgalatok_ellenorzesek.pdf\">Vizsg\u00e1latok, ellen\u0151rz\u00e9sek<\/a><\/li>\n<\/ul>\n\n\n\n<p><strong>DSE dokumentumok<\/strong><\/p>\n\n\n\n<ul class=\"wp-block-list\">\n<li><a href=\"http:\/\/www.eklg.hu\/dokumentumok\/jovahagyo.pdf\">2016-17-es szezonra vonatkoz\u00f3 j\u00f3v\u00e1hagy\u00f3 MLSZ hat\u00e1rozata<\/a><\/li>\n\n\n\n<li><a href=\"http:\/\/www.eklg.hu\/dokumentumok\/jovahagyott.pdf\">2016-17-es szezonra vonatkoz\u00f3 j\u00f3v\u00e1hagyott sportfejleszt\u00e9si programja.<\/a><\/li>\n\n\n\n<li><a href=\"http:\/\/www.eklg.hu\/dokumentumok\/kozzeteteli\/jovahagyo1718.pdf\">2017-18-as szezonra vonatkoz\u00f3 j\u00f3v\u00e1hagy\u00f3 MLSZ hat\u00e1rozat<\/a><\/li>\n\n\n\n<li><a href=\"http:\/\/www.eklg.hu\/dokumentumok\/kozzeteteli\/jovahagyott1718.pdf\">2017-18-as szezonra vonatkoz\u00f3 j\u00f3v\u00e1hagyott sportfejleszt\u00e9si program<\/a><\/li>\n<\/ul>\n\n\n\n<p><strong>Alap\u00edtv\u00e1nyi dokumentumok<\/strong><\/p>\n\n\n\n<ul class=\"wp-block-list\">\n<li><a href=\"http:\/\/www.eklg.hu\/dokumentumok\/nyeklgert_alapitvany_2016.pdf\">NYEKLG-\u00c9RT alap\u00edtv\u00e1ny k\u00f6zz\u00e9t\u00e9tele 2016 \u00e9vi gazd\u00e1lkod\u00e1sa<\/a> <\/li>\n\n\n\n<li><a href=\"http:\/\/www.eklg.hu\/dokumentumok\/alapitvany_gazdalkodas_2018.pdf\">NYEKLG-\u00e9rt Alap\u00edtv\u00e1ny 2018 \u00e9vi gazd\u00e1lkoz\u00e1sa<\/a><\/li>\n<\/ul>\n\n\n\n<p><strong>NOB hat\u00e1rozat &#8211; besz\u00e1mol\u00f3k elfogad\u00e1sa<\/strong><\/p>\n\n\n\n<ul class=\"wp-block-list\">\n<li><a href=\"http:\/\/www.eklg.hu\/dokumentumok\/kozzeteteli\/nob_hatarozat_24_25.pdf\">2024-2025-es tan\u00e9v besz\u00e1mol\u00f3j\u00e1nak NOB hat\u00e1rozata<\/a><\/li>\n\n\n\n<li><a href=\"http:\/\/www.eklg.hu\/dokumentumok\/kozzeteteli\/jegyzokonyvikivonat.pdf\">2023\/2024-es tan\u00e9v besz\u00e1mol\u00f3j\u00e1nak NOB hat\u00e1rozata<\/a><\/li>\n\n\n\n<li><a href=\"http:\/\/www.eklg.hu\/dokumentumok\/kozzeteteli\/nob_hatarozat_22_23.pdf\">2022\/2023-as tan\u00e9v besz\u00e1mol\u00f3j\u00e1nak NOB hat\u00e1rozata<\/a><\/li>\n\n\n\n<li><a data-wplink-edit=\"true\" href=\"http:\/\/www.eklg.hu\/dokumentumok\/kozzeteteli\/nob_hatarozat_21_22.pdf\">2021\/2022-es tan\u00e9v besz\u00e1mol\u00f3j\u00e1nak NOB hat\u00e1rozata<\/a><\/li>\n\n\n\n<li><a href=\"http:\/\/www.eklg.hu\/dokumentumok\/kozzeteteli\/nob_hatarozat_20_21.pdf\">2020\/2021-es tan\u00e9v besz\u00e1mol\u00f3j\u00e1nak NOB hat\u00e1rozata<\/a><\/li>\n\n\n\n<li><a href=\"http:\/\/www.eklg.hu\/dokumentumok\/nob_hatarozat_1.pdf\">2019\/2020-as tan\u00e9v besz\u00e1mol\u00f3j\u00e1nak NOB hat\u00e1rozata<\/a><\/li>\n\n\n\n<li><a href=\"http:\/\/www.eklg.hu\/dokumentumok\/kozzeteteli\/nyiregyhaza_gimi.jpg\">2016\/2017-es tan\u00e9v besz\u00e1mol\u00f3j\u00e1nak NOB hat\u00e1rozata<\/a><\/li>\n<\/ul>\n\n\n\n<p><\/p>\n","protected":false},"excerpt":{"rendered":"<p>DSE dokumentumok Alap\u00edtv\u00e1nyi dokumentumok NOB hat\u00e1rozat &#8211; besz\u00e1mol\u00f3k elfogad\u00e1sa<\/p>\n","protected":false},"author":1,"featured_media":0,"parent":2,"menu_order":0,"comment_status":"closed","ping_status":"closed","template":"","meta":{"ngg_post_thumbnail":0,"footnotes":""},"class_list":["post-81","page","type-page","status-publish","hentry"],"_links":{"self":[{"href":"http:\/\/www.eklg.hu\/index.php\/wp-json\/wp\/v2\/pages\/81","targetHints":{"allow":["GET"]}}],"collection":[{"href":"http:\/\/www.eklg.hu\/index.php\/wp-json\/wp\/v2\/pages"}],"about":[{"href":"http:\/\/www.eklg.hu\/index.php\/wp-json\/wp\/v2\/types\/page"}],"author":[{"embeddable":true,"href":"http:\/\/www.eklg.hu\/index.php\/wp-json\/wp\/v2\/users\/1"}],"replies":[{"embeddable":true,"href":"http:\/\/www.eklg.hu\/index.php\/wp-json\/wp\/v2\/comments?post=81"}],"version-history":[{"count":85,"href":"http:\/\/www.eklg.hu\/index.php\/wp-json\/wp\/v2\/pages\/81\/revisions"}],"predecessor-version":[{"id":11904,"href":"http:\/\/www.eklg.hu\/index.php\/wp-json\/wp\/v2\/pages\/81\/revisions\/11904"}],"up":[{"embeddable":true,"href":"http:\/\/www.eklg.hu\/index.php\/wp-json\/wp\/v2\/pages\/2"}],"wp:attachment":[{"href":"http:\/\/www.eklg.hu\/index.php\/wp-json\/wp\/v2\/media?parent=81"}],"curies":[{"name":"wp","href":"https:\/\/api.w.org\/{rel}","templated":true}]}}